{"id":3277,"date":"2026-04-29T09:47:44","date_gmt":"2026-04-29T13:47:44","guid":{"rendered":"https:\/\/enmodeado.ca\/?post_type=boite-a-outils&#038;p=3277"},"modified":"2026-04-29T11:09:39","modified_gmt":"2026-04-29T15:09:39","slug":"social-relationships-among-preteens","status":"publish","type":"boite-a-outils","link":"https:\/\/enmodeado.ca\/en\/boite-a-outils\/social-relationships-among-preteens\/","title":{"rendered":"Social relationships among preteens"},"content":{"rendered":"\r\n<section class=\"container-eklo add-table-content has-deco-top has-deco-bottom container-padding-4em\">\r\n\r\n    <div class=\"container\">\r\n                <div class=\"container-eklo-content eklo-deco\" >\r\n            <div class=\"acf-innerblocks-container\">\n<div class=\"highlight-box box-style-default\">\r\n    <div class=\"row align-items-center\">\r\n        <div class=\"col\">\r\n            <div class=\"acf-innerblocks-container\">\n\r\n<h2 class=\"title-icon h2\">\r\n    <span class=\"title-icon-icon\">\r\n       <i class=\"fa-classic fa-regular fa-thumbtack\" aria-hidden=\"true\"><\/i>    <\/span>\r\n    In this info sheet <\/h2>\n\n\n<p><\/p>\n\n\n\n<p>Friendships are very important during the preteen years. Through interactions with their friends, children learn to listen to and respect others. They also learn to express their opinions.<\/p>\n\n\n\n<p>Friendships can make them very happy but also create challenges, such as conflicts. <\/p>\n\n\n\n<p>In this fact sheet, you\u2019ll find out how to guide your preteen in their relationships with others.<\/p>\n\n<\/div>\r\n        <\/div>\r\n    <\/div>\r\n<\/div>\r\n\n<\/div>\r\n        <\/div>\r\n    <\/div>\r\n\r\n<\/section>\r\n\n\n\r\n    <div class=\"container-deco deco-top container-bg-color-secondary wp-elements-577a013b6725b13eff7ac04588d1416d\">\r\n            <\/div>\r\n<section class=\"container-eklo add-table-content has-background has-secondary-background-color has-text-color has-white-color wp-elements-577a013b6725b13eff7ac04588d1416d container-padding-4em\">\r\n\r\n    <div class=\"container\">\r\n                <div class=\"container-eklo-content eklo-deco\" >\r\n            <div class=\"acf-innerblocks-container\">\n\n<p>Does your preteen want to spend more time with their friends? Does family time seem less and less appealing to them? Do you feel like your child is paying more attention to what others think? You\u2019re not the only parents in this situation!<\/p>\n\n\n\n<h2 class=\"wp-block-heading\"><strong><strong><strong><strong>To better understand<\/strong><\/strong><\/strong><\/strong><\/h2>\n\n\n\n<div class=\"wp-block-columns is-layout-flex wp-container-core-columns-is-layout-9d6595d7 wp-block-columns-is-layout-flex\">\n<div class=\"wp-block-column is-layout-flow wp-block-column-is-layout-flow\">\n<p class=\"has-primary-color has-text-color has-link-color has-lg-font-size wp-elements-d5fdb14f08f36d561176e9ff2a00c257\"><strong><strong>The importance of friends<\/strong><\/strong><\/p>\n\n\n\n<p>During the preteen years, friends<strong> <\/strong>become increasingly important. Preteens often want to spend time with people who are like them and who like the same things. During this period of their lives, preteens go through major milestones, including puberty and the transition from elementary to high school. During these emotionally charged times, friends<strong> <\/strong>can be an important source of support. <\/p>\n\n\n\n<p>With their friends,<strong> <\/strong>preteens practise listening to and considering others. They also learn to express their opinions respectfully. That said, they may experience conflicts. This is normal and even useful! These situations are opportunities for your child to learn how to handle disagreements appropriately.<\/p>\n<\/div>\n\n\n\n<div class=\"wp-block-column is-layout-flow wp-block-column-is-layout-flow\">\n<p class=\"has-primary-color has-text-color has-link-color has-lg-font-size wp-elements-2b9baf72bdf9c296bcf4d05d1153b7cb\"><strong><strong>Self-discovery<\/strong><\/strong><\/p>\n\n\n\n<p>Between the ages of 9 and 12, children also want to be more independent. Preteens are trying to get to know themselves better and show who they are. To do this, they may look to people around them for inspiration, such as an older sibling, or public figures, such as celebrities.<\/p>\n\n\n\n<p>At this age, children are also sensitive to what other people think and say. They sometimes make choices to follow a trend or to please others. Their choices may also be motivated by a fear of rejection.<\/p>\n\n\n\n<p>As a parent, how can you support them? Let\u2019s look at a few concrete ways.<a id=\"_msocom_1\"><\/a><\/p>\n<\/div>\n<\/div>\n\n<\/div>\r\n        <\/div>\r\n    <\/div>\r\n\r\n<\/section>\r\n    <div class=\"container-deco deco-bottom container-bg-color-secondary\">\r\n            <\/div>\r\n\n\n\r\n    <div class=\"container-deco deco-top container-bg-color-white\">\r\n            <\/div>\r\n<section class=\"container-eklo add-table-content has-background has-white-background-color container-padding-4em\">\r\n\r\n    <div class=\"container\">\r\n                <div class=\"container-eklo-content eklo-deco\" >\r\n            <div class=\"acf-innerblocks-container\">\n\n<h2 class=\"wp-block-heading\"><strong><strong>Be there for your preteen<\/strong><\/strong><\/h2>\n\n\n\n<h3 class=\"wp-block-heading\"><strong><strong><strong>Support your preteen in discovering and asserting themselves<\/strong><\/strong><\/strong><\/h3>\n\n\n<div class=\"grid-icon-cards grid-icon-cards-bg-color-gray-light\">\r\n\r\n    <div class=\"row justify-content-center\">\r\n        \r\n            \r\n        <div class=\"col-12 col-md-4 col-lg-4\">\r\n            <div class=\"grid-icon-cards-card h-100 has-background has-gray-light-background-color\" >\r\n                <div class=\"grid-icon-cards-card-animation h-100\" data-aos=\"fade-up\" data-aos-delay=\"100\" data-aos-offset=\"200\">\r\n\r\n                    <div class=\"media-card\">\r\n                                            <\/div>\r\n\r\n                                            <div class=\"card-content align-items-start\">\r\n                            <p><strong>Help your preteen identify their interests and values:<\/strong><\/p>\n<ul>\n<li>What does your child like?<\/li>\n<li>What\u2019s important to them?<\/li>\n<\/ul>\n<p>By getting to know themselves better, your preteen will learn to assert themselves and develop relationships with other children who share their values.<\/p>\n                        <\/div>\r\n                    \r\n                                    <\/div>\r\n            <\/div>\r\n        <\/div>\r\n\r\n        \r\n        \r\n            \r\n        <div class=\"col-12 col-md-4 col-lg-4\">\r\n            <div class=\"grid-icon-cards-card h-100 has-background has-gray-light-background-color\" >\r\n                <div class=\"grid-icon-cards-card-animation h-100\" data-aos=\"fade-up\" data-aos-delay=\"200\" data-aos-offset=\"200\">\r\n\r\n                    <div class=\"media-card\">\r\n                                            <\/div>\r\n\r\n                                            <div class=\"card-content align-items-start\">\r\n                            <p><strong>Help your preteen figure out their strengths and limitations.<\/strong><\/p>\n<ul>\n<li>How does your preteen describe themselves?<\/li>\n<li>What is their opinion of themselves?<\/li>\n<\/ul>\n<p>This will help them develop self-esteem and have positive relationships with others.<\/p>\n                        <\/div>\r\n                    \r\n                                    <\/div>\r\n            <\/div>\r\n        <\/div>\r\n\r\n        \r\n            <\/div>\r\n<\/div>\r\n\r\n\n\n\n<p><a id=\"_msocom_1\"><\/a><\/p>\n\n\n<div class=\"grid-icon-cards grid-icon-cards-bg-color-gray-light\">\r\n\r\n    <div class=\"row justify-content-center\">\r\n        \r\n            \r\n        <div class=\"col-12 col-md-4 col-lg-4\">\r\n            <div class=\"grid-icon-cards-card h-100 has-background has-gray-light-background-color\" >\r\n                <div class=\"grid-icon-cards-card-animation h-100\" data-aos=\"fade-up\" data-aos-delay=\"100\" data-aos-offset=\"200\">\r\n\r\n                    <div class=\"media-card\">\r\n                                            <\/div>\r\n\r\n                                            <div class=\"card-content align-items-start\">\r\n                            <p><strong>Encourage your preteen to express their opinion and speak up if they disagree with something, in a respectful way.<\/strong><\/p>\n<p>This will help them assert themselves in their relationships outside the home. If you hear your preteen expressing their opinion in a disrespectful way, encourage them to rephrase what they said. Respect is something that can be learned!<\/p>\n                        <\/div>\r\n                    \r\n                                    <\/div>\r\n            <\/div>\r\n        <\/div>\r\n\r\n        \r\n        \r\n            \r\n        <div class=\"col-12 col-md-4 col-lg-4\">\r\n            <div class=\"grid-icon-cards-card h-100 has-background has-gray-light-background-color\" >\r\n                <div class=\"grid-icon-cards-card-animation h-100\" data-aos=\"fade-up\" data-aos-delay=\"200\" data-aos-offset=\"200\">\r\n\r\n                    <div class=\"media-card\">\r\n                                            <\/div>\r\n\r\n                                            <div class=\"card-content align-items-start\">\r\n                            <p><strong>Help your preteen recognize what influences them, both positively and negatively, without judging.<\/strong><\/p>\n<ul>\n<li>Who are their role models?<\/li>\n<li>Why?<\/li>\n<li>What does your preteen like about these people? What messages do these role models promote? Are their messages positive?<\/li>\n<\/ul>\n                        <\/div>\r\n                    \r\n                                    <\/div>\r\n            <\/div>\r\n        <\/div>\r\n\r\n        \r\n            <\/div>\r\n<\/div>\r\n\r\n\n\n\n<h3 class=\"wp-block-heading\"><strong><strong><strong><strong>Take an interest in their friendships<\/strong><\/strong><\/strong><\/strong><\/h3>\n\n\n\n<p><\/p>\n\n\n<div class=\"grid-icon-cards grid-icon-cards-bg-color-gray-light\">\r\n\r\n    <div class=\"row justify-content-center\">\r\n        \r\n            \r\n        <div class=\"col-12 col-md-4 col-lg-4\">\r\n            <div class=\"grid-icon-cards-card h-100 has-background has-gray-light-background-color\" >\r\n                <div class=\"grid-icon-cards-card-animation h-100\" data-aos=\"fade-up\" data-aos-delay=\"100\" data-aos-offset=\"200\">\r\n\r\n                    <div class=\"media-card\">\r\n                                            <\/div>\r\n\r\n                                            <div class=\"card-content align-items-start\">\r\n                            <p><strong>Recognize the importance of friends to your child.<\/strong><\/p>\n                        <\/div>\r\n                    \r\n                                    <\/div>\r\n            <\/div>\r\n        <\/div>\r\n\r\n        \r\n        \r\n            \r\n        <div class=\"col-12 col-md-4 col-lg-4\">\r\n            <div class=\"grid-icon-cards-card h-100 has-background has-gray-light-background-color\" >\r\n                <div class=\"grid-icon-cards-card-animation h-100\" data-aos=\"fade-up\" data-aos-delay=\"200\" data-aos-offset=\"200\">\r\n\r\n                    <div class=\"media-card\">\r\n                                            <\/div>\r\n\r\n                                            <div class=\"card-content align-items-start\">\r\n                            <p><strong>Talk to your preteen about how they express themselves in their relationships.<\/strong><\/p>\n<ul>\n<li>Does your preteen feel comfortable saying what they like or dislike to their friends?<\/li>\n<li>How do their friends react to their opinions?<\/li>\n<\/ul>\n                        <\/div>\r\n                    \r\n                                    <\/div>\r\n            <\/div>\r\n        <\/div>\r\n\r\n        \r\n            <\/div>\r\n<\/div>\r\n\r\n\n\n\n<p><\/p>\n\n\n<div class=\"grid-icon-cards grid-icon-cards-bg-color-gray-light\">\r\n\r\n    <div class=\"row justify-content-center\">\r\n        \r\n            \r\n        <div class=\"col-12 col-md-4 col-lg-4\">\r\n            <div class=\"grid-icon-cards-card h-100 has-background has-gray-light-background-color\" >\r\n                <div class=\"grid-icon-cards-card-animation h-100\" data-aos=\"fade-up\" data-aos-delay=\"100\" data-aos-offset=\"200\">\r\n\r\n                    <div class=\"media-card\">\r\n                                            <\/div>\r\n\r\n                                            <div class=\"card-content align-items-start\">\r\n                            <p><strong>Ask them questions about their friends, while being mindful of what they\u2019re willing to share with you:<\/strong><\/p>\n<ul>\n<li>How does your preteen describe their friends?<\/li>\n<li>What does your preteen like about these people?<\/li>\n<li>How does your preteen feel around their friends?<\/li>\n<\/ul>\n<p>Some children may have trouble expressing their feelings. If that\u2019s the case with your preteen, help them find the right words without trying to influence them. The idea is for your preteen to be able to name their emotions on their own.<\/p>\n                        <\/div>\r\n                    \r\n                                    <\/div>\r\n            <\/div>\r\n        <\/div>\r\n\r\n        \r\n            <\/div>\r\n<\/div>\r\n\r\n\n\n\n<h3 class=\"wp-block-heading\"><strong><strong>Guide your preteen in managing conflicts<\/strong><\/strong><\/h3>\n\n\n<div class=\"grid-icon-cards grid-icon-cards-bg-color-gray-light\">\r\n\r\n    <div class=\"row justify-content-center\">\r\n        \r\n            \r\n        <div class=\"col-12 col-md-4 col-lg-4\">\r\n            <div class=\"grid-icon-cards-card h-100 has-background has-gray-light-background-color\" >\r\n                <div class=\"grid-icon-cards-card-animation h-100\" data-aos=\"fade-up\" data-aos-delay=\"100\" data-aos-offset=\"200\">\r\n\r\n                    <div class=\"media-card\">\r\n                                            <\/div>\r\n\r\n                                            <div class=\"card-content align-items-start\">\r\n                            <p><strong>Guide your preteen in applying the four steps of conflict resolution, but without doing it for them. You can even practise together! Here\u2019s a summary of the four steps (source: Institut Pacifique):<\/strong><\/p>\n<div style=\"margin: 20px 0px; text-align: left;\"><a href=\"https:\/\/enmodeado.ca\/wp-content\/uploads\/2026\/04\/relations.png\" target=\"_blank\" rel=\"noopener\"><br \/>\n<img loading=\"lazy\" decoding=\"async\" class=\"aligncenter wp-image-3286\" src=\"https:\/\/enmodeado.ca\/wp-content\/uploads\/2026\/04\/relations-450x450.png\" alt=\"R\u00e9sum\u00e9 des \u00e9tapes de r\u00e9solution de conflits\" width=\"150\" height=\"150\" srcset=\"https:\/\/enmodeado.ca\/wp-content\/uploads\/2026\/04\/relations-450x450.png 450w, https:\/\/enmodeado.ca\/wp-content\/uploads\/2026\/04\/relations.png 597w\" sizes=\"auto, (max-width: 150px) 100vw, 150px\" \/><br \/>\n<\/a>For more details on the four steps of conflict resolution, see <a href=\"https:\/\/enmodeado.ca\/les-conflits-chez-les-ados\/\">our fact sheet on the subject<\/a>.<\/div>\n                        <\/div>\r\n                    \r\n                                    <\/div>\r\n            <\/div>\r\n        <\/div>\r\n\r\n        \r\n        \r\n            \r\n        <div class=\"col-12 col-md-4 col-lg-4\">\r\n            <div class=\"grid-icon-cards-card h-100 has-background has-gray-light-background-color\" >\r\n                <div class=\"grid-icon-cards-card-animation h-100\" data-aos=\"fade-up\" data-aos-delay=\"200\" data-aos-offset=\"200\">\r\n\r\n                    <div class=\"media-card\">\r\n                                            <\/div>\r\n\r\n                                            <div class=\"card-content align-items-start\">\r\n                            <p><strong>Help your preteen find ways to calm down when they are experiencing conflict. <\/strong><\/p>\n<p>Conflict is never easy! To feel better, your child might:<\/p>\n<ul>\n<li>Talk to someone they trust (e.g., parent, other family member, school staff);<\/li>\n<li>Play sports;<\/li>\n<li>Write in a journal;<\/li>\n<li>Spend time with their pet.<\/li>\n<\/ul>\n                        <\/div>\r\n                    \r\n                                    <\/div>\r\n            <\/div>\r\n        <\/div>\r\n\r\n        \r\n            <\/div>\r\n<\/div>\r\n\r\n\n\n\n<p><\/p>\n\n\n<div class=\"grid-icon-cards grid-icon-cards-bg-color-gray-light\">\r\n\r\n    <div class=\"row justify-content-center\">\r\n        \r\n            \r\n        <div class=\"col-12 col-md-4 col-lg-4\">\r\n            <div class=\"grid-icon-cards-card h-100 has-background has-gray-light-background-color\" >\r\n                <div class=\"grid-icon-cards-card-animation h-100\" data-aos=\"fade-up\" data-aos-delay=\"100\" data-aos-offset=\"200\">\r\n\r\n                    <div class=\"media-card\">\r\n                                            <\/div>\r\n\r\n                                            <div class=\"card-content align-items-start\">\r\n                            <p><strong>Listen without judging: Even if the conflict seems trivial to you, it\u2019s important to listen to your preteen and take the situation seriously. <\/strong><\/p>\n<p>Offer comfort and support your preteen in finding solutions. You can help them see other perspectives and develop empathy by asking questions such as:<\/p>\n<ul>\n<li>When you said that to your friend, what do you think they understood?<\/li>\n<li>If you were in their shoes, how would you react?<\/li>\n<\/ul>\n<p>If your preteen wants to talk about the conflict with a professional, you can also give them resources (e.g., Tel-jeunes, Kids Help Phone).<\/p>\n<p>Be careful! It\u2019s important to distinguish between conflicts and incidents of violence or bullying. Want to learn more? Check out <a href=\"https:\/\/enmodeado.ca\/les-conflits-chez-les-ados\/\">our fact sheet on the subject<\/a>!<\/p>\n                        <\/div>\r\n                    \r\n                                    <\/div>\r\n            <\/div>\r\n        <\/div>\r\n\r\n        \r\n            <\/div>\r\n<\/div>\r\n\r\n\n\n\n<h3 class=\"wp-block-heading\"><strong><strong>Teach your preteen about respect and openness<\/strong><\/strong><\/h3>\n\n\n<div class=\"grid-icon-cards grid-icon-cards-bg-color-gray-light\">\r\n\r\n    <div class=\"row justify-content-center\">\r\n        \r\n            \r\n        <div class=\"col-12 col-md-4 col-lg-4\">\r\n            <div class=\"grid-icon-cards-card h-100 has-background has-gray-light-background-color\" >\r\n                <div class=\"grid-icon-cards-card-animation h-100\" data-aos=\"fade-up\" data-aos-delay=\"100\" data-aos-offset=\"200\">\r\n\r\n                    <div class=\"media-card\">\r\n                                            <\/div>\r\n\r\n                                            <div class=\"card-content align-items-start\">\r\n                            <p><strong>Talk to your preteen about different ways to show respect (e.g., expressing disagreement respectfully, respecting other people\u2019s beliefs, not making fun of other people\u2019s physical appearance). <\/strong><\/p>\n<p>Give your preteen opportunities to practise these skills on a daily basis, especially at home!<\/p>\n                        <\/div>\r\n                    \r\n                                    <\/div>\r\n            <\/div>\r\n        <\/div>\r\n\r\n        \r\n        \r\n            \r\n        <div class=\"col-12 col-md-4 col-lg-4\">\r\n            <div class=\"grid-icon-cards-card h-100 has-background has-gray-light-background-color\" >\r\n                <div class=\"grid-icon-cards-card-animation h-100\" data-aos=\"fade-up\" data-aos-delay=\"200\" data-aos-offset=\"200\">\r\n\r\n                    <div class=\"media-card\">\r\n                                            <\/div>\r\n\r\n                                            <div class=\"card-content align-items-start\">\r\n                            <p><strong>Help your child recognize prejudice and its effects on others. <\/strong><\/p>\n<p>Encourage your preteen to take an interest in others and to respect people who are different from them. Diversity is a gift, not a threat!<\/p>\n                        <\/div>\r\n                    \r\n                                    <\/div>\r\n            <\/div>\r\n        <\/div>\r\n\r\n        \r\n            <\/div>\r\n<\/div>\r\n\r\n\n\n\n<p><\/p>\n\n\n<div class=\"grid-icon-cards grid-icon-cards-bg-color-gray-light\">\r\n\r\n    <div class=\"row justify-content-center\">\r\n        \r\n            \r\n        <div class=\"col-12 col-md-4 col-lg-4\">\r\n            <div class=\"grid-icon-cards-card h-100 has-background has-gray-light-background-color\" >\r\n                <div class=\"grid-icon-cards-card-animation h-100\" data-aos=\"fade-up\" data-aos-delay=\"100\" data-aos-offset=\"200\">\r\n\r\n                    <div class=\"media-card\">\r\n                                            <\/div>\r\n\r\n                                            <div class=\"card-content align-items-start\">\r\n                            <p><strong>If you witness violence, intervene calmly and compassionately. <\/strong><\/p>\n<p>This will show your child that violence is not a solution. Talk to your child about how they could behave respectfully in the situation. For example, instead of your child hitting their sibling for coming into their room, encourage your child to tell their sibling what\u2019s upsetting them about the situation by using \u201cI\u201d statements, and to calmly and respectfully express what they want.<\/p>\n<p>Never forget that you\u2019re a role model for your child. Through your words and actions, whether at home, at work, or on social media, you\u2019re showing your child how to develop positive relationships with others.<\/p>\n                        <\/div>\r\n                    \r\n                                    <\/div>\r\n            <\/div>\r\n        <\/div>\r\n\r\n        \r\n            <\/div>\r\n<\/div>\r\n\r\n\n<\/div>\r\n        <\/div>\r\n    <\/div>\r\n\r\n<\/section>\r\n    <div class=\"container-deco deco-bottom container-bg-color-white\">\r\n            <\/div>\r\n\n\n\r\n    <div class=\"container-deco deco-top container-bg-color-gray-light\">\r\n            <\/div>\r\n<section class=\"container-eklo add-table-content has-background has-gray-light-background-color container-padding-4em\">\r\n\r\n    <div class=\"container\">\r\n                <div class=\"container-eklo-content eklo-deco\" >\r\n            <div class=\"acf-innerblocks-container\">\n\n<h2 class=\"wp-block-heading\"><strong>Practical resources and tools<\/strong><\/h2>\n\n\n\n<h3 class=\"wp-block-heading\">1. For support&nbsp;:<\/h3>\n\n\n\n<p>You are dealing with a situation that worries you? Ask for help :<\/p>\n\n\n\n<ul class=\"wp-block-list is-style-info-icon\">\n<li><a href=\"https:\/\/www.quebec.ca\/sante\/trouver-une-ressource\" target=\"_blank\" rel=\"noreferrer noopener\">Info-Sant\u00e9\/Info-Social 811<\/a><\/li>\n\n\n\n<li><a href=\"https:\/\/www.teljeunes.com\/fr\/parents\" target=\"_blank\" rel=\"noreferrer noopener\">Tel-Jeunes Parents<\/a><\/li>\n\n\n\n<li><a href=\"https:\/\/santemonteregie.qc.ca\/\" target=\"_blank\" rel=\"noreferrer noopener\">CLSC<\/a><\/li>\n<\/ul>\n\n\n\n<p><strong>Community organizations: family centre, youth centre, etc.<\/strong><br>Some community organizations offer support programs for parents of teenagers. Call your local organization for information.<\/p>\n\n\n\n<p><strong><strong>School staff members<\/strong><\/strong><\/p>\n\n<\/div>\r\n        <\/div>\r\n    <\/div>\r\n\r\n<\/section>\r\n    <div class=\"container-deco deco-bottom container-bg-color-gray-light\">\r\n            <\/div>\r\n\n\n\r\n    <div class=\"container-deco deco-top container-bg-color-white\">\r\n            <\/div>\r\n<section class=\"container-eklo add-table-content has-background has-white-background-color container-padding-4em\">\r\n\r\n    <div class=\"container\">\r\n                <div class=\"container-eklo-content eklo-deco\" >\r\n            <div class=\"acf-innerblocks-container\">\n<div class=\"highlight-box box-style-black\">\r\n    <div class=\"row align-items-center\">\r\n        <div class=\"col\">\r\n            <div class=\"acf-innerblocks-container\">\n\n<p><em>This info sheet has been written in collaboration with&nbsp;:<\/em><\/p>\n\n\n\n<p>St\u00e9phane Benoit, intervenant pivot \u00c9cole en sant\u00e9, CISSS de la Mont\u00e9r\u00e9gie-Ouest<\/p>\n\n\n\n<p>Marie-\u00c8ve M\u00e9lan\u00e7on, agente de relations humaines, \u00e9quipe de Proximit\u00e9 sant\u00e9 mentale scolaire, Direction de sant\u00e9 publique de la Mont\u00e9r\u00e9gie<\/p>\n\n\n\n<p>V\u00e9ronique Blouin, conseill\u00e8re p\u00e9dagogique pour le dossier climat scolaire, pr\u00e9vention de la violence et de l\u2019intimidation au primaire, Centre de services scolaire Marie-Victorin<\/p>\n\n<\/div>\r\n        <\/div>\r\n    <\/div>\r\n<\/div>\r\n\n\n\n<div class=\"wp-block-group is-nowrap is-layout-flex wp-container-core-group-is-layout-ad2f72ca wp-block-group-is-layout-flex\">\n<p>Last updated<\/p>\n\n\n\n<p>:<\/p>\n\n\n<div class=\"wp-block-post-date__modified-date wp-block-post-date\"><time datetime=\"2026-04-29T11:09:39-04:00\">2026-04-29<\/time><\/div><\/div>\n\n<\/div>\r\n        <\/div>\r\n    <\/div>\r\n\r\n<\/section>\r\n    <div class=\"container-deco deco-bottom container-bg-color-white\">\r\n            <\/div>\r\n","protected":false},"featured_media":3310,"parent":0,"template":"","meta":{"_acf_changed":false,"footnotes":""},"category-boite-a-outils":[68],"class_list":["post-3277","boite-a-outils","type-boite-a-outils","status-publish","has-post-thumbnail","hentry","category-boite-a-outils-pre-teens"],"acf":[],"yoast_head":"<!-- This site is optimized with the Yoast SEO plugin v26.8 - https:\/\/yoast.com\/product\/yoast-seo-wordpress\/ -->\n<title>Social relationships among preteens - En mode ado<\/title>\n<meta name=\"robots\" content=\"index, follow, max-snippet:-1, max-image-preview:large, max-video-preview:-1\" \/>\n<link rel=\"canonical\" href=\"https:\/\/enmodeado.ca\/en\/boite-a-outils\/social-relationships-among-preteens\/\" \/>\n<meta property=\"og:locale\" content=\"en_US\" \/>\n<meta property=\"og:type\" content=\"article\" \/>\n<meta property=\"og:title\" content=\"Social relationships among preteens - En mode ado\" \/>\n<meta property=\"og:url\" content=\"https:\/\/enmodeado.ca\/en\/boite-a-outils\/social-relationships-among-preteens\/\" \/>\n<meta property=\"og:site_name\" content=\"En mode ado\" \/>\n<meta property=\"article:modified_time\" content=\"2026-04-29T15:09:39+00:00\" \/>\n<meta property=\"og:image\" content=\"https:\/\/enmodeado.ca\/wp-content\/uploads\/2026\/04\/preado6-1600x1067.png\" \/>\n\t<meta property=\"og:image:width\" content=\"1600\" \/>\n\t<meta property=\"og:image:height\" content=\"1067\" \/>\n\t<meta property=\"og:image:type\" content=\"image\/png\" \/>\n<meta name=\"twitter:card\" content=\"summary_large_image\" \/>\n<meta name=\"twitter:label1\" content=\"Est. reading time\" \/>\n\t<meta name=\"twitter:data1\" content=\"3 minutes\" \/>\n<script type=\"application\/ld+json\" class=\"yoast-schema-graph\">{\"@context\":\"https:\/\/schema.org\",\"@graph\":[{\"@type\":\"WebPage\",\"@id\":\"https:\/\/enmodeado.ca\/en\/boite-a-outils\/social-relationships-among-preteens\/\",\"url\":\"https:\/\/enmodeado.ca\/en\/boite-a-outils\/social-relationships-among-preteens\/\",\"name\":\"Social relationships among preteens - En mode ado\",\"isPartOf\":{\"@id\":\"https:\/\/enmodeado.ca\/en\/#website\"},\"primaryImageOfPage\":{\"@id\":\"https:\/\/enmodeado.ca\/en\/boite-a-outils\/social-relationships-among-preteens\/#primaryimage\"},\"image\":{\"@id\":\"https:\/\/enmodeado.ca\/en\/boite-a-outils\/social-relationships-among-preteens\/#primaryimage\"},\"thumbnailUrl\":\"https:\/\/enmodeado.ca\/wp-content\/uploads\/2026\/04\/preado6.png\",\"datePublished\":\"2026-04-29T13:47:44+00:00\",\"dateModified\":\"2026-04-29T15:09:39+00:00\",\"breadcrumb\":{\"@id\":\"https:\/\/enmodeado.ca\/en\/boite-a-outils\/social-relationships-among-preteens\/#breadcrumb\"},\"inLanguage\":\"en-US\",\"potentialAction\":[{\"@type\":\"ReadAction\",\"target\":[\"https:\/\/enmodeado.ca\/en\/boite-a-outils\/social-relationships-among-preteens\/\"]}]},{\"@type\":\"ImageObject\",\"inLanguage\":\"en-US\",\"@id\":\"https:\/\/enmodeado.ca\/en\/boite-a-outils\/social-relationships-among-preteens\/#primaryimage\",\"url\":\"https:\/\/enmodeado.ca\/wp-content\/uploads\/2026\/04\/preado6.png\",\"contentUrl\":\"https:\/\/enmodeado.ca\/wp-content\/uploads\/2026\/04\/preado6.png\",\"width\":2121,\"height\":1414},{\"@type\":\"BreadcrumbList\",\"@id\":\"https:\/\/enmodeado.ca\/en\/boite-a-outils\/social-relationships-among-preteens\/#breadcrumb\",\"itemListElement\":[{\"@type\":\"ListItem\",\"position\":1,\"name\":\"Home\",\"item\":\"https:\/\/enmodeado.ca\/en\/\"},{\"@type\":\"ListItem\",\"position\":2,\"name\":\"Pre-teens\",\"item\":\"https:\/\/enmodeado.ca\/en\/type-de-boite-a-outils\/pre-teens\/\"},{\"@type\":\"ListItem\",\"position\":3,\"name\":\"Social relationships among preteens\"}]},{\"@type\":\"WebSite\",\"@id\":\"https:\/\/enmodeado.ca\/en\/#website\",\"url\":\"https:\/\/enmodeado.ca\/en\/\",\"name\":\"En mode ado\",\"description\":\"\",\"publisher\":{\"@id\":\"https:\/\/enmodeado.ca\/en\/#organization\"},\"potentialAction\":[{\"@type\":\"SearchAction\",\"target\":{\"@type\":\"EntryPoint\",\"urlTemplate\":\"https:\/\/enmodeado.ca\/en\/?s={search_term_string}\"},\"query-input\":{\"@type\":\"PropertyValueSpecification\",\"valueRequired\":true,\"valueName\":\"search_term_string\"}}],\"inLanguage\":\"en-US\"},{\"@type\":\"Organization\",\"@id\":\"https:\/\/enmodeado.ca\/en\/#organization\",\"name\":\"En mode ado\",\"url\":\"https:\/\/enmodeado.ca\/en\/\",\"logo\":{\"@type\":\"ImageObject\",\"inLanguage\":\"en-US\",\"@id\":\"https:\/\/enmodeado.ca\/en\/#\/schema\/logo\/image\/\",\"url\":\"https:\/\/enmodeado.ca\/wp-content\/uploads\/2026\/01\/en-mode-ado.png\",\"contentUrl\":\"https:\/\/enmodeado.ca\/wp-content\/uploads\/2026\/01\/en-mode-ado.png\",\"width\":300,\"height\":300,\"caption\":\"En mode ado\"},\"image\":{\"@id\":\"https:\/\/enmodeado.ca\/en\/#\/schema\/logo\/image\/\"}}]}<\/script>\n<!-- \/ Yoast SEO plugin. -->","yoast_head_json":{"title":"Social relationships among preteens - En mode ado","robots":{"index":"index","follow":"follow","max-snippet":"max-snippet:-1","max-image-preview":"max-image-preview:large","max-video-preview":"max-video-preview:-1"},"canonical":"https:\/\/enmodeado.ca\/en\/boite-a-outils\/social-relationships-among-preteens\/","og_locale":"en_US","og_type":"article","og_title":"Social relationships among preteens - En mode ado","og_url":"https:\/\/enmodeado.ca\/en\/boite-a-outils\/social-relationships-among-preteens\/","og_site_name":"En mode ado","article_modified_time":"2026-04-29T15:09:39+00:00","og_image":[{"width":1600,"height":1067,"url":"https:\/\/enmodeado.ca\/wp-content\/uploads\/2026\/04\/preado6-1600x1067.png","type":"image\/png"}],"twitter_card":"summary_large_image","twitter_misc":{"Est. reading time":"3 minutes"},"schema":{"@context":"https:\/\/schema.org","@graph":[{"@type":"WebPage","@id":"https:\/\/enmodeado.ca\/en\/boite-a-outils\/social-relationships-among-preteens\/","url":"https:\/\/enmodeado.ca\/en\/boite-a-outils\/social-relationships-among-preteens\/","name":"Social relationships among preteens - En mode ado","isPartOf":{"@id":"https:\/\/enmodeado.ca\/en\/#website"},"primaryImageOfPage":{"@id":"https:\/\/enmodeado.ca\/en\/boite-a-outils\/social-relationships-among-preteens\/#primaryimage"},"image":{"@id":"https:\/\/enmodeado.ca\/en\/boite-a-outils\/social-relationships-among-preteens\/#primaryimage"},"thumbnailUrl":"https:\/\/enmodeado.ca\/wp-content\/uploads\/2026\/04\/preado6.png","datePublished":"2026-04-29T13:47:44+00:00","dateModified":"2026-04-29T15:09:39+00:00","breadcrumb":{"@id":"https:\/\/enmodeado.ca\/en\/boite-a-outils\/social-relationships-among-preteens\/#breadcrumb"},"inLanguage":"en-US","potentialAction":[{"@type":"ReadAction","target":["https:\/\/enmodeado.ca\/en\/boite-a-outils\/social-relationships-among-preteens\/"]}]},{"@type":"ImageObject","inLanguage":"en-US","@id":"https:\/\/enmodeado.ca\/en\/boite-a-outils\/social-relationships-among-preteens\/#primaryimage","url":"https:\/\/enmodeado.ca\/wp-content\/uploads\/2026\/04\/preado6.png","contentUrl":"https:\/\/enmodeado.ca\/wp-content\/uploads\/2026\/04\/preado6.png","width":2121,"height":1414},{"@type":"BreadcrumbList","@id":"https:\/\/enmodeado.ca\/en\/boite-a-outils\/social-relationships-among-preteens\/#breadcrumb","itemListElement":[{"@type":"ListItem","position":1,"name":"Home","item":"https:\/\/enmodeado.ca\/en\/"},{"@type":"ListItem","position":2,"name":"Pre-teens","item":"https:\/\/enmodeado.ca\/en\/type-de-boite-a-outils\/pre-teens\/"},{"@type":"ListItem","position":3,"name":"Social relationships among preteens"}]},{"@type":"WebSite","@id":"https:\/\/enmodeado.ca\/en\/#website","url":"https:\/\/enmodeado.ca\/en\/","name":"En mode ado","description":"","publisher":{"@id":"https:\/\/enmodeado.ca\/en\/#organization"},"potentialAction":[{"@type":"SearchAction","target":{"@type":"EntryPoint","urlTemplate":"https:\/\/enmodeado.ca\/en\/?s={search_term_string}"},"query-input":{"@type":"PropertyValueSpecification","valueRequired":true,"valueName":"search_term_string"}}],"inLanguage":"en-US"},{"@type":"Organization","@id":"https:\/\/enmodeado.ca\/en\/#organization","name":"En mode ado","url":"https:\/\/enmodeado.ca\/en\/","logo":{"@type":"ImageObject","inLanguage":"en-US","@id":"https:\/\/enmodeado.ca\/en\/#\/schema\/logo\/image\/","url":"https:\/\/enmodeado.ca\/wp-content\/uploads\/2026\/01\/en-mode-ado.png","contentUrl":"https:\/\/enmodeado.ca\/wp-content\/uploads\/2026\/01\/en-mode-ado.png","width":300,"height":300,"caption":"En mode ado"},"image":{"@id":"https:\/\/enmodeado.ca\/en\/#\/schema\/logo\/image\/"}}]}},"_links":{"self":[{"href":"https:\/\/enmodeado.ca\/en\/wp-json\/wp\/v2\/boite-a-outils\/3277","targetHints":{"allow":["GET"]}}],"collection":[{"href":"https:\/\/enmodeado.ca\/en\/wp-json\/wp\/v2\/boite-a-outils"}],"about":[{"href":"https:\/\/enmodeado.ca\/en\/wp-json\/wp\/v2\/types\/boite-a-outils"}],"version-history":[{"count":3,"href":"https:\/\/enmodeado.ca\/en\/wp-json\/wp\/v2\/boite-a-outils\/3277\/revisions"}],"predecessor-version":[{"id":3323,"href":"https:\/\/enmodeado.ca\/en\/wp-json\/wp\/v2\/boite-a-outils\/3277\/revisions\/3323"}],"wp:featuredmedia":[{"embeddable":true,"href":"https:\/\/enmodeado.ca\/en\/wp-json\/wp\/v2\/media\/3310"}],"wp:attachment":[{"href":"https:\/\/enmodeado.ca\/en\/wp-json\/wp\/v2\/media?parent=3277"}],"wp:term":[{"taxonomy":"category-boite-a-outils","embeddable":true,"href":"https:\/\/enmodeado.ca\/en\/wp-json\/wp\/v2\/category-boite-a-outils?post=3277"}],"curies":[{"name":"wp","href":"https:\/\/api.w.org\/{rel}","templated":true}]}}